{"id":986,"date":"2016-12-13T10:48:50","date_gmt":"2016-12-13T09:48:50","guid":{"rendered":"http:\/\/www.alpina-hotels.de\/demming\/?page_id=986"},"modified":"2017-01-10T15:00:35","modified_gmt":"2017-01-10T14:00:35","slug":"salzburg","status":"publish","type":"page","link":"https:\/\/www.alpina-hotels.de\/demming\/salzburg\/","title":{"rendered":"Salzburg"},"content":{"rendered":"<div id='full_slider_1'  class='avia-fullwidth-slider main_color avia-shadow   avia-builder-el-0  el_before_av_one_full  avia-builder-el-first   container_wrap sidebar_right'  ><div  class='avia-slideshow av-av_slideshow_full-ea6e002f904a039d353857f56968c3d9 avia-slideshow-featured_large av_slideshow_full avia-slide-slider av-slideshow-ui av-control-default av-slideshow-autoplay av-loop-endless av-loop-manual-endless av-default-height-applied   avia-slideshow-1' data-slideshow-options=\"{&quot;animation&quot;:&quot;slide&quot;,&quot;autoplay&quot;:true,&quot;loop_autoplay&quot;:&quot;endless&quot;,&quot;interval&quot;:5,&quot;loop_manual&quot;:&quot;manual-endless&quot;,&quot;autoplay_stopper&quot;:false,&quot;noNavigation&quot;:false,&quot;bg_slider&quot;:false,&quot;keep_padding&quot;:false,&quot;hoverpause&quot;:false,&quot;show_slide_delay&quot;:0}\"  itemprop=\"image\" itemscope=\"itemscope\" itemtype=\"https:\/\/schema.org\/ImageObject\" ><ul class='avia-slideshow-inner ' style='padding-bottom: 42%;'><li  class='avia-slideshow-slide av-av_slideshow_full-ea6e002f904a039d353857f56968c3d9__0  av-single-slide slide-1 slide-odd'><div data-rel='slideshow-1' class='avia-slide-wrap '   ><img decoding=\"async\" fetchpriority=\"high\" class=\"wp-image-591 avia-img-lazy-loading-not-591\"  src=\"https:\/\/www.alpina-hotels.de\/demming\/wp-content\/uploads\/sites\/2\/2016\/12\/sbg-impressionen-sbg-stadtansicht_079-1500x630.jpg\" width=\"1500\" height=\"630\" title='sbg-impressionen-sbg-stadtansicht_079' alt=''  itemprop=\"thumbnailUrl\"   \/><\/div><\/li><\/ul><\/div><\/div><div id='after_full_slider_1'  class='main_color av_default_container_wrap container_wrap sidebar_right'  ><div class='container av-section-cont-open' ><div class='template-page content  av-content-small alpha units'><div class='post-entry post-entry-type-page post-entry-986'><div class='entry-content-wrapper clearfix'>\n\n<style type=\"text\/css\" data-created_by=\"avia_inline_auto\" id=\"style-css-av-av_one_full-6126cab7d8fab8d08143dd2dacdf673c\">\n.flex_column.av-av_one_full-6126cab7d8fab8d08143dd2dacdf673c{\nborder-radius:0px 0px 0px 0px;\npadding:0px 0px 0px 0px;\n}\n<\/style>\n<div  class='flex_column av-av_one_full-6126cab7d8fab8d08143dd2dacdf673c av_one_full  avia-builder-el-1  el_after_av_slideshow_full  el_before_av_one_third  avia-builder-el-first  first flex_column_div av-zero-column-padding  '     ><style type=\"text\/css\" data-created_by=\"avia_inline_auto\" id=\"style-css-av-av_heading-555523a999373678e1af8774235032e0\">\n#top .av-special-heading.av-av_heading-555523a999373678e1af8774235032e0{\npadding-bottom:10px;\nfont-size:40px;\n}\nbody .av-special-heading.av-av_heading-555523a999373678e1af8774235032e0 .av-special-heading-tag .heading-char{\nfont-size:25px;\n}\n#top #wrap_all .av-special-heading.av-av_heading-555523a999373678e1af8774235032e0 .av-special-heading-tag{\nfont-size:40px;\n}\n.av-special-heading.av-av_heading-555523a999373678e1af8774235032e0 .av-subheading{\nfont-size:15px;\n}\n\n@media only screen and (min-width: 480px) and (max-width: 767px){ \n#top #wrap_all .av-special-heading.av-av_heading-555523a999373678e1af8774235032e0 .av-special-heading-tag{\nfont-size:0.8em;\n}\n}\n\n@media only screen and (max-width: 479px){ \n#top #wrap_all .av-special-heading.av-av_heading-555523a999373678e1af8774235032e0 .av-special-heading-tag{\nfont-size:0.8em;\n}\n}\n<\/style>\n<div  class='av-special-heading av-av_heading-555523a999373678e1af8774235032e0 av-special-heading-h3 blockquote modern-quote modern-centered  avia-builder-el-2  avia-builder-el-no-sibling  av-inherit-size'><h3 class='av-special-heading-tag '  itemprop=\"headline\"  >Salzburg<\/h3><div class=\"special-heading-border\"><div class=\"special-heading-inner-border\"><\/div><\/div><\/div><\/div>\n\n<style type=\"text\/css\" data-created_by=\"avia_inline_auto\" id=\"style-css-av-av_one_third-6126cab7d8fab8d08143dd2dacdf673c\">\n.flex_column.av-av_one_third-6126cab7d8fab8d08143dd2dacdf673c{\nborder-radius:0px 0px 0px 0px;\npadding:0px 0px 0px 0px;\n}\n<\/style>\n<div  class='flex_column av-av_one_third-6126cab7d8fab8d08143dd2dacdf673c av_one_third  avia-builder-el-3  el_after_av_one_full  el_before_av_two_third  first flex_column_div av-zero-column-padding  column-top-margin'     ><style type=\"text\/css\" data-created_by=\"avia_inline_auto\" id=\"style-css-av-av_image-f9f72f1a15e27765580e969f9cae7686\">\n.avia-image-container.av-av_image-f9f72f1a15e27765580e969f9cae7686 img.avia_image{\nbox-shadow:none;\n}\n.avia-image-container.av-av_image-f9f72f1a15e27765580e969f9cae7686 .av-image-caption-overlay-center{\ncolor:#ffffff;\n}\n<\/style>\n<div  class='avia-image-container av-av_image-f9f72f1a15e27765580e969f9cae7686 av-styling- avia-align-center  avia-builder-el-4  avia-builder-el-no-sibling '   itemprop=\"image\" itemscope=\"itemscope\" itemtype=\"https:\/\/schema.org\/ImageObject\" ><div class=\"avia-image-container-inner\"><div class=\"avia-image-overlay-wrap\"><img decoding=\"async\" fetchpriority=\"high\" class='wp-image-591 avia-img-lazy-loading-not-591 avia_image ' src=\"https:\/\/www.alpina-hotels.de\/demming\/wp-content\/uploads\/sites\/2\/2016\/12\/sbg-impressionen-sbg-stadtansicht_079.jpg\" alt='' title='sbg-impressionen-sbg-stadtansicht_079'  height=\"1000\" width=\"1500\"  itemprop=\"thumbnailUrl\" srcset=\"https:\/\/www.alpina-hotels.de\/demming\/wp-content\/uploads\/sites\/2\/2016\/12\/sbg-impressionen-sbg-stadtansicht_079.jpg 1500w, https:\/\/www.alpina-hotels.de\/demming\/wp-content\/uploads\/sites\/2\/2016\/12\/sbg-impressionen-sbg-stadtansicht_079-450x300.jpg 450w, https:\/\/www.alpina-hotels.de\/demming\/wp-content\/uploads\/sites\/2\/2016\/12\/sbg-impressionen-sbg-stadtansicht_079-705x470.jpg 705w, https:\/\/www.alpina-hotels.de\/demming\/wp-content\/uploads\/sites\/2\/2016\/12\/sbg-impressionen-sbg-stadtansicht_079-768x512.jpg 768w, https:\/\/www.alpina-hotels.de\/demming\/wp-content\/uploads\/sites\/2\/2016\/12\/sbg-impressionen-sbg-stadtansicht_079-1280x853.jpg 1280w\" sizes=\"(max-width: 1500px) 100vw, 1500px\" \/><\/div><\/div><\/div><\/div>\n<style type=\"text\/css\" data-created_by=\"avia_inline_auto\" id=\"style-css-av-av_two_third-0aa7055fe62c3622faec82866afbaeb2\">\n.flex_column.av-av_two_third-0aa7055fe62c3622faec82866afbaeb2{\nborder-radius:0px 0px 0px 0px;\npadding:0px 0px 0px 0px;\n}\n<\/style>\n<div  class='flex_column av-av_two_third-0aa7055fe62c3622faec82866afbaeb2 av_two_third  avia-builder-el-5  el_after_av_one_third  el_before_av_two_third  flex_column_div av-zero-column-padding  column-top-margin'     ><section  class='av_textblock_section av-av_textblock-0366cc7376be6c9e82a3e9cc8987b64f '   itemscope=\"itemscope\" itemtype=\"https:\/\/schema.org\/CreativeWork\" ><div class='avia_textblock'  itemprop=\"text\" ><p><strong>Die Stadt Salzburg<\/strong><\/p>\n<p>Die Barockstadt Salzburg verzaubert ihre Besucher mit romantischen Gassen, einer zum UNESCO Weltkulturerbe erkl\u00e4rten Altstadt und einem reichhaltigen Angebot aus Kunst und Kultur.<br \/>\nHier befindet sich auch die ber\u00fchmte Getreidegasse.<br \/>\nDie Getreidegasse geh\u00f6rt wohl zu den sch\u00f6nsten Einkaufsstra\u00dfen der Welt: hinter wundersch\u00f6nen Fassaden, in den traditionellen Durchh\u00e4usern und in denkmalgesch\u00fctzten Gem\u00e4uern verbirgt sich eine Vielzahl von Gesch\u00e4ften, die zum Bummeln und Einkaufen einladen.<\/p>\n<\/div><\/section><\/div><\/p>\n\n<style type=\"text\/css\" data-created_by=\"avia_inline_auto\" id=\"style-css-av-av_two_third-6126cab7d8fab8d08143dd2dacdf673c\">\n.flex_column.av-av_two_third-6126cab7d8fab8d08143dd2dacdf673c{\nborder-radius:0px 0px 0px 0px;\npadding:0px 0px 0px 0px;\n}\n<\/style>\n<div  class='flex_column av-av_two_third-6126cab7d8fab8d08143dd2dacdf673c av_two_third  avia-builder-el-7  el_after_av_two_third  el_before_av_one_third  first flex_column_div av-zero-column-padding  column-top-margin'     ><section  class='av_textblock_section av-av_textblock-0366cc7376be6c9e82a3e9cc8987b64f '   itemscope=\"itemscope\" itemtype=\"https:\/\/schema.org\/CreativeWork\" ><div class='avia_textblock'  itemprop=\"text\" ><p><strong>Festung Hohensalzburg<\/strong><\/p>\n<p>Die \u00fcber 900 Jahre alte Festung Hohensalzburg geh\u00f6rt zu den gr\u00f6\u00dften Burgenanlagen Europas.<br \/>\nNeben spannenden Einblicken in die Baugeschichte der imposanten Wehranlage, bietet die mittelalterliche Burg samt neuzeitlicher Festung ein wunderbares 360-Grad-Panorama \u00fcber die D\u00e4cher der Mozartstadt sowie in die umliegende Bergwelt.- Auf jeden Fall einen Besuch wert.<\/p>\n<\/div><\/section><\/div>\n\n<style type=\"text\/css\" data-created_by=\"avia_inline_auto\" id=\"style-css-av-av_one_third-0aa7055fe62c3622faec82866afbaeb2\">\n.flex_column.av-av_one_third-0aa7055fe62c3622faec82866afbaeb2{\nborder-radius:0px 0px 0px 0px;\npadding:0px 0px 0px 0px;\n}\n<\/style>\n<div  class='flex_column av-av_one_third-0aa7055fe62c3622faec82866afbaeb2 av_one_third  avia-builder-el-9  el_after_av_two_third  el_before_av_one_third  flex_column_div av-zero-column-padding  column-top-margin'     ><style type=\"text\/css\" data-created_by=\"avia_inline_auto\" id=\"style-css-av-av_image-16086a08bbcbd8b7b38de9df94df5372\">\n.avia-image-container.av-av_image-16086a08bbcbd8b7b38de9df94df5372 img.avia_image{\nbox-shadow:none;\n}\n.avia-image-container.av-av_image-16086a08bbcbd8b7b38de9df94df5372 .av-image-caption-overlay-center{\ncolor:#ffffff;\n}\n<\/style>\n<div  class='avia-image-container av-av_image-16086a08bbcbd8b7b38de9df94df5372 av-styling- avia-align-center  avia-builder-el-10  avia-builder-el-no-sibling '   itemprop=\"image\" itemscope=\"itemscope\" itemtype=\"https:\/\/schema.org\/ImageObject\" ><div class=\"avia-image-container-inner\"><div class=\"avia-image-overlay-wrap\"><img decoding=\"async\" fetchpriority=\"high\" class='wp-image-1216 avia-img-lazy-loading-not-1216 avia_image ' src=\"https:\/\/www.alpina-hotels.de\/demming\/wp-content\/uploads\/sites\/2\/2016\/12\/alpina-hotels-demming-53.jpg\" alt='' title='alpina-hotels-demming-53'  height=\"1000\" width=\"1500\"  itemprop=\"thumbnailUrl\" srcset=\"https:\/\/www.alpina-hotels.de\/demming\/wp-content\/uploads\/sites\/2\/2016\/12\/alpina-hotels-demming-53.jpg 1500w, https:\/\/www.alpina-hotels.de\/demming\/wp-content\/uploads\/sites\/2\/2016\/12\/alpina-hotels-demming-53-450x300.jpg 450w, https:\/\/www.alpina-hotels.de\/demming\/wp-content\/uploads\/sites\/2\/2016\/12\/alpina-hotels-demming-53-705x470.jpg 705w, https:\/\/www.alpina-hotels.de\/demming\/wp-content\/uploads\/sites\/2\/2016\/12\/alpina-hotels-demming-53-768x512.jpg 768w, https:\/\/www.alpina-hotels.de\/demming\/wp-content\/uploads\/sites\/2\/2016\/12\/alpina-hotels-demming-53-1280x853.jpg 1280w\" sizes=\"(max-width: 1500px) 100vw, 1500px\" \/><\/div><\/div><\/div><\/div>\n\n<style type=\"text\/css\" data-created_by=\"avia_inline_auto\" id=\"style-css-av-av_one_third-6126cab7d8fab8d08143dd2dacdf673c\">\n.flex_column.av-av_one_third-6126cab7d8fab8d08143dd2dacdf673c{\nborder-radius:0px 0px 0px 0px;\npadding:0px 0px 0px 0px;\n}\n<\/style>\n<div  class='flex_column av-av_one_third-6126cab7d8fab8d08143dd2dacdf673c av_one_third  avia-builder-el-11  el_after_av_one_third  el_before_av_two_third  first flex_column_div av-zero-column-padding  column-top-margin'     ><style type=\"text\/css\" data-created_by=\"avia_inline_auto\" id=\"style-css-av-av_image-5ec807d74cd55dfa54de54a2284f6871\">\n.avia-image-container.av-av_image-5ec807d74cd55dfa54de54a2284f6871 img.avia_image{\nbox-shadow:none;\n}\n.avia-image-container.av-av_image-5ec807d74cd55dfa54de54a2284f6871 .av-image-caption-overlay-center{\ncolor:#ffffff;\n}\n<\/style>\n<div  class='avia-image-container av-av_image-5ec807d74cd55dfa54de54a2284f6871 av-styling- avia-align-center  avia-builder-el-12  avia-builder-el-no-sibling '   itemprop=\"image\" itemscope=\"itemscope\" itemtype=\"https:\/\/schema.org\/ImageObject\" ><div class=\"avia-image-container-inner\"><div class=\"avia-image-overlay-wrap\"><img decoding=\"async\" fetchpriority=\"high\" class='wp-image-1214 avia-img-lazy-loading-not-1214 avia_image ' src=\"https:\/\/www.alpina-hotels.de\/demming\/wp-content\/uploads\/sites\/2\/2016\/12\/alpina-hotels-demming-54.jpg\" alt='' title='alpina-hotels-demming-54'  height=\"1000\" width=\"1500\"  itemprop=\"thumbnailUrl\" srcset=\"https:\/\/www.alpina-hotels.de\/demming\/wp-content\/uploads\/sites\/2\/2016\/12\/alpina-hotels-demming-54.jpg 1500w, https:\/\/www.alpina-hotels.de\/demming\/wp-content\/uploads\/sites\/2\/2016\/12\/alpina-hotels-demming-54-450x300.jpg 450w, https:\/\/www.alpina-hotels.de\/demming\/wp-content\/uploads\/sites\/2\/2016\/12\/alpina-hotels-demming-54-705x470.jpg 705w, https:\/\/www.alpina-hotels.de\/demming\/wp-content\/uploads\/sites\/2\/2016\/12\/alpina-hotels-demming-54-768x512.jpg 768w, https:\/\/www.alpina-hotels.de\/demming\/wp-content\/uploads\/sites\/2\/2016\/12\/alpina-hotels-demming-54-1280x853.jpg 1280w\" sizes=\"(max-width: 1500px) 100vw, 1500px\" \/><\/div><\/div><\/div><\/div>\n\n<style type=\"text\/css\" data-created_by=\"avia_inline_auto\" id=\"style-css-av-av_two_third-0aa7055fe62c3622faec82866afbaeb2\">\n.flex_column.av-av_two_third-0aa7055fe62c3622faec82866afbaeb2{\nborder-radius:0px 0px 0px 0px;\npadding:0px 0px 0px 0px;\n}\n<\/style>\n<div  class='flex_column av-av_two_third-0aa7055fe62c3622faec82866afbaeb2 av_two_third  avia-builder-el-13  el_after_av_one_third  avia-builder-el-last  flex_column_div av-zero-column-padding  column-top-margin'     ><section  class='av_textblock_section av-av_textblock-0366cc7376be6c9e82a3e9cc8987b64f '   itemscope=\"itemscope\" itemtype=\"https:\/\/schema.org\/CreativeWork\" ><div class='avia_textblock'  itemprop=\"text\" ><p><strong>Der Mozartplatz<\/strong><\/p>\n<p>Der Mozartplatz ist ein repr\u00e4sentativer rechteckiger Platz in der Altstadt der Stadt Salzburg, der durch den Abbruch verschiedener B\u00fcrgerh\u00e4user unter Wolf Dietrich von Raitenau 1588 planm\u00e4\u00dfig angelegt wurde. Auf ihm steht eine Skulptur von Wolfgang Amadeus Mozart.<\/p>\n<\/div><\/section><\/div>\n","protected":false},"excerpt":{"rendered":"","protected":false},"author":1,"featured_media":0,"parent":0,"menu_order":0,"comment_status":"closed","ping_status":"closed","template":"","meta":{"footnotes":""},"class_list":["post-986","page","type-page","status-publish","hentry"],"yoast_head":"<!-- This site is optimized with the Yoast SEO plugin v25.5 - https:\/\/yoast.com\/wordpress\/plugins\/seo\/ -->\n<title>Salzburg - Alpina Hotel Demming in Berchtesgaden im Berchtesgadener Land<\/title>\n<meta name=\"robots\" content=\"index, follow, max-snippet:-1, max-image-preview:large, max-video-preview:-1\" \/>\n<link rel=\"canonical\" href=\"https:\/\/www.alpina-hotels.de\/demming\/salzburg\/\" \/>\n<meta property=\"og:locale\" content=\"de_DE\" \/>\n<meta property=\"og:type\" content=\"article\" \/>\n<meta property=\"og:title\" content=\"Salzburg - Alpina Hotel Demming in Berchtesgaden im Berchtesgadener Land\" \/>\n<meta property=\"og:url\" content=\"https:\/\/www.alpina-hotels.de\/demming\/salzburg\/\" \/>\n<meta property=\"og:site_name\" content=\"Alpina Hotel Demming in Berchtesgaden im Berchtesgadener Land\" \/>\n<meta property=\"article:modified_time\" content=\"2017-01-10T14:00:35+00:00\" \/>\n<meta name=\"twitter:card\" content=\"summary_large_image\" \/>\n<meta name=\"twitter:label1\" content=\"Gesch\u00e4tzte Lesezeit\" \/>\n\t<meta name=\"twitter:data1\" content=\"4\u00a0Minuten\" \/>\n<script type=\"application\/ld+json\" class=\"yoast-schema-graph\">{\"@context\":\"https:\/\/schema.org\",\"@graph\":[{\"@type\":\"WebPage\",\"@id\":\"https:\/\/www.alpina-hotels.de\/demming\/salzburg\/\",\"url\":\"https:\/\/www.alpina-hotels.de\/demming\/salzburg\/\",\"name\":\"Salzburg - Alpina Hotel Demming in Berchtesgaden im Berchtesgadener Land\",\"isPartOf\":{\"@id\":\"https:\/\/www.alpina-hotels.de\/demming\/#website\"},\"datePublished\":\"2016-12-13T09:48:50+00:00\",\"dateModified\":\"2017-01-10T14:00:35+00:00\",\"breadcrumb\":{\"@id\":\"https:\/\/www.alpina-hotels.de\/demming\/salzburg\/#breadcrumb\"},\"inLanguage\":\"de\",\"potentialAction\":[{\"@type\":\"ReadAction\",\"target\":[\"https:\/\/www.alpina-hotels.de\/demming\/salzburg\/\"]}]},{\"@type\":\"BreadcrumbList\",\"@id\":\"https:\/\/www.alpina-hotels.de\/demming\/salzburg\/#breadcrumb\",\"itemListElement\":[{\"@type\":\"ListItem\",\"position\":1,\"name\":\"Startseite\",\"item\":\"https:\/\/www.alpina-hotels.de\/demming\/\"},{\"@type\":\"ListItem\",\"position\":2,\"name\":\"Salzburg\"}]},{\"@type\":\"WebSite\",\"@id\":\"https:\/\/www.alpina-hotels.de\/demming\/#website\",\"url\":\"https:\/\/www.alpina-hotels.de\/demming\/\",\"name\":\"Alpina Hotel Demming in Berchtesgaden im Berchtesgadener Land\",\"description\":\"Alpina Hotels in Berchtesgaden\",\"potentialAction\":[{\"@type\":\"SearchAction\",\"target\":{\"@type\":\"EntryPoint\",\"urlTemplate\":\"https:\/\/www.alpina-hotels.de\/demming\/?s={search_term_string}\"},\"query-input\":{\"@type\":\"PropertyValueSpecification\",\"valueRequired\":true,\"valueName\":\"search_term_string\"}}],\"inLanguage\":\"de\"}]}<\/script>\n<!-- \/ Yoast SEO plugin. -->","yoast_head_json":{"title":"Salzburg - Alpina Hotel Demming in Berchtesgaden im Berchtesgadener Land","robots":{"index":"index","follow":"follow","max-snippet":"max-snippet:-1","max-image-preview":"max-image-preview:large","max-video-preview":"max-video-preview:-1"},"canonical":"https:\/\/www.alpina-hotels.de\/demming\/salzburg\/","og_locale":"de_DE","og_type":"article","og_title":"Salzburg - Alpina Hotel Demming in Berchtesgaden im Berchtesgadener Land","og_url":"https:\/\/www.alpina-hotels.de\/demming\/salzburg\/","og_site_name":"Alpina Hotel Demming in Berchtesgaden im Berchtesgadener Land","article_modified_time":"2017-01-10T14:00:35+00:00","twitter_card":"summary_large_image","twitter_misc":{"Gesch\u00e4tzte Lesezeit":"4\u00a0Minuten"},"schema":{"@context":"https:\/\/schema.org","@graph":[{"@type":"WebPage","@id":"https:\/\/www.alpina-hotels.de\/demming\/salzburg\/","url":"https:\/\/www.alpina-hotels.de\/demming\/salzburg\/","name":"Salzburg - Alpina Hotel Demming in Berchtesgaden im Berchtesgadener Land","isPartOf":{"@id":"https:\/\/www.alpina-hotels.de\/demming\/#website"},"datePublished":"2016-12-13T09:48:50+00:00","dateModified":"2017-01-10T14:00:35+00:00","breadcrumb":{"@id":"https:\/\/www.alpina-hotels.de\/demming\/salzburg\/#breadcrumb"},"inLanguage":"de","potentialAction":[{"@type":"ReadAction","target":["https:\/\/www.alpina-hotels.de\/demming\/salzburg\/"]}]},{"@type":"BreadcrumbList","@id":"https:\/\/www.alpina-hotels.de\/demming\/salzburg\/#breadcrumb","itemListElement":[{"@type":"ListItem","position":1,"name":"Startseite","item":"https:\/\/www.alpina-hotels.de\/demming\/"},{"@type":"ListItem","position":2,"name":"Salzburg"}]},{"@type":"WebSite","@id":"https:\/\/www.alpina-hotels.de\/demming\/#website","url":"https:\/\/www.alpina-hotels.de\/demming\/","name":"Alpina Hotel Demming in Berchtesgaden im Berchtesgadener Land","description":"Alpina Hotels in Berchtesgaden","potentialAction":[{"@type":"SearchAction","target":{"@type":"EntryPoint","urlTemplate":"https:\/\/www.alpina-hotels.de\/demming\/?s={search_term_string}"},"query-input":{"@type":"PropertyValueSpecification","valueRequired":true,"valueName":"search_term_string"}}],"inLanguage":"de"}]}},"_links":{"self":[{"href":"https:\/\/www.alpina-hotels.de\/demming\/wp-json\/wp\/v2\/pages\/986","targetHints":{"allow":["GET"]}}],"collection":[{"href":"https:\/\/www.alpina-hotels.de\/demming\/wp-json\/wp\/v2\/pages"}],"about":[{"href":"https:\/\/www.alpina-hotels.de\/demming\/wp-json\/wp\/v2\/types\/page"}],"author":[{"embeddable":true,"href":"https:\/\/www.alpina-hotels.de\/demming\/wp-json\/wp\/v2\/users\/1"}],"replies":[{"embeddable":true,"href":"https:\/\/www.alpina-hotels.de\/demming\/wp-json\/wp\/v2\/comments?post=986"}],"version-history":[{"count":9,"href":"https:\/\/www.alpina-hotels.de\/demming\/wp-json\/wp\/v2\/pages\/986\/revisions"}],"predecessor-version":[{"id":1464,"href":"https:\/\/www.alpina-hotels.de\/demming\/wp-json\/wp\/v2\/pages\/986\/revisions\/1464"}],"wp:attachment":[{"href":"https:\/\/www.alpina-hotels.de\/demming\/wp-json\/wp\/v2\/media?parent=986"}],"curies":[{"name":"wp","href":"https:\/\/api.w.org\/{rel}","templated":true}]}}