{"id":434,"date":"2016-12-09T14:30:59","date_gmt":"2016-12-09T13:30:59","guid":{"rendered":"http:\/\/www.alpina-hotels.de\/demming\/?page_id=434"},"modified":"2026-04-09T17:45:41","modified_gmt":"2026-04-09T15:45:41","slug":"restaurant","status":"publish","type":"page","link":"https:\/\/www.alpina-hotels.de\/demming\/restaurant\/","title":{"rendered":"Restaurant"},"content":{"rendered":"<div id='full_slider_1'  class='avia-fullwidth-slider main_color avia-shadow   avia-builder-el-0  el_before_av_one_full  avia-builder-el-first   container_wrap sidebar_right'  ><div  class='avia-slideshow av-43yz62-201abd240dcc0f0102c78823c46753bf avia-slideshow-no scaling av_slideshow_full avia-slide-slider av-slideshow-ui av-control-default av-slideshow-autoplay av-loop-endless av-loop-manual-endless av-default-height-applied   avia-slideshow-1' data-slideshow-options=\"{&quot;animation&quot;:&quot;slide&quot;,&quot;autoplay&quot;:true,&quot;loop_autoplay&quot;:&quot;endless&quot;,&quot;interval&quot;:5,&quot;loop_manual&quot;:&quot;manual-endless&quot;,&quot;autoplay_stopper&quot;:false,&quot;noNavigation&quot;:false,&quot;bg_slider&quot;:false,&quot;keep_padding&quot;:false,&quot;hoverpause&quot;:false,&quot;show_slide_delay&quot;:0}\"  itemprop=\"image\" itemscope=\"itemscope\" itemtype=\"https:\/\/schema.org\/ImageObject\" ><ul class='avia-slideshow-inner ' style='padding-bottom: 66.666666666667%;'><li  class='avia-slideshow-slide av-43yz62-201abd240dcc0f0102c78823c46753bf__0  slide-1 slide-odd'><div data-rel='slideshow-1' class='avia-slide-wrap '   ><img decoding=\"async\" fetchpriority=\"high\" class=\"wp-image-2015 avia-img-lazy-loading-not-2015\"  src=\"https:\/\/www.alpina-hotels.de\/demming\/wp-content\/uploads\/sites\/2\/2026\/02\/alpina-ros-demming-20260209-011.jpg\" width=\"1500\" height=\"1000\" title='alpina-ros-demming-20260209-011' alt=''  itemprop=\"thumbnailUrl\" srcset=\"https:\/\/www.alpina-hotels.de\/demming\/wp-content\/uploads\/sites\/2\/2026\/02\/alpina-ros-demming-20260209-011.jpg 1500w, https:\/\/www.alpina-hotels.de\/demming\/wp-content\/uploads\/sites\/2\/2026\/02\/alpina-ros-demming-20260209-011-705x470.jpg 705w, https:\/\/www.alpina-hotels.de\/demming\/wp-content\/uploads\/sites\/2\/2026\/02\/alpina-ros-demming-20260209-011-1280x853.jpg 1280w, https:\/\/www.alpina-hotels.de\/demming\/wp-content\/uploads\/sites\/2\/2026\/02\/alpina-ros-demming-20260209-011-450x300.jpg 450w, https:\/\/www.alpina-hotels.de\/demming\/wp-content\/uploads\/sites\/2\/2026\/02\/alpina-ros-demming-20260209-011-768x512.jpg 768w\" sizes=\"(max-width: 1500px) 100vw, 1500px\" \/><\/div><\/li><li  class='avia-slideshow-slide av-43yz62-201abd240dcc0f0102c78823c46753bf__1  slide-2 slide-even'><div data-rel='slideshow-1' class='avia-slide-wrap '   ><img decoding=\"async\" fetchpriority=\"high\" class=\"wp-image-2012 avia-img-lazy-loading-not-2012\"  src=\"https:\/\/www.alpina-hotels.de\/demming\/wp-content\/uploads\/sites\/2\/2026\/02\/alpina-ros-demming-20260209-008.jpg\" width=\"1500\" height=\"1000\" title='alpina-ros-demming-20260209-008' alt=''  itemprop=\"thumbnailUrl\" srcset=\"https:\/\/www.alpina-hotels.de\/demming\/wp-content\/uploads\/sites\/2\/2026\/02\/alpina-ros-demming-20260209-008.jpg 1500w, https:\/\/www.alpina-hotels.de\/demming\/wp-content\/uploads\/sites\/2\/2026\/02\/alpina-ros-demming-20260209-008-705x470.jpg 705w, https:\/\/www.alpina-hotels.de\/demming\/wp-content\/uploads\/sites\/2\/2026\/02\/alpina-ros-demming-20260209-008-1280x853.jpg 1280w, https:\/\/www.alpina-hotels.de\/demming\/wp-content\/uploads\/sites\/2\/2026\/02\/alpina-ros-demming-20260209-008-450x300.jpg 450w, https:\/\/www.alpina-hotels.de\/demming\/wp-content\/uploads\/sites\/2\/2026\/02\/alpina-ros-demming-20260209-008-768x512.jpg 768w\" sizes=\"(max-width: 1500px) 100vw, 1500px\" \/><\/div><\/li><li  class='avia-slideshow-slide av-43yz62-201abd240dcc0f0102c78823c46753bf__2  slide-3 slide-odd'><div data-rel='slideshow-1' class='avia-slide-wrap '   ><img decoding=\"async\" fetchpriority=\"high\" class=\"wp-image-2013 avia-img-lazy-loading-not-2013\"  src=\"https:\/\/www.alpina-hotels.de\/demming\/wp-content\/uploads\/sites\/2\/2026\/02\/alpina-ros-demming-20260209-009.jpg\" width=\"1500\" height=\"1000\" title='alpina-ros-demming-20260209-009' alt=''  itemprop=\"thumbnailUrl\" srcset=\"https:\/\/www.alpina-hotels.de\/demming\/wp-content\/uploads\/sites\/2\/2026\/02\/alpina-ros-demming-20260209-009.jpg 1500w, https:\/\/www.alpina-hotels.de\/demming\/wp-content\/uploads\/sites\/2\/2026\/02\/alpina-ros-demming-20260209-009-705x470.jpg 705w, https:\/\/www.alpina-hotels.de\/demming\/wp-content\/uploads\/sites\/2\/2026\/02\/alpina-ros-demming-20260209-009-1280x853.jpg 1280w, https:\/\/www.alpina-hotels.de\/demming\/wp-content\/uploads\/sites\/2\/2026\/02\/alpina-ros-demming-20260209-009-450x300.jpg 450w, https:\/\/www.alpina-hotels.de\/demming\/wp-content\/uploads\/sites\/2\/2026\/02\/alpina-ros-demming-20260209-009-768x512.jpg 768w\" sizes=\"(max-width: 1500px) 100vw, 1500px\" \/><\/div><\/li><li  class='avia-slideshow-slide av-43yz62-201abd240dcc0f0102c78823c46753bf__3  slide-4 slide-even'><div data-rel='slideshow-1' class='avia-slide-wrap '   ><img decoding=\"async\" fetchpriority=\"high\" class=\"wp-image-2014 avia-img-lazy-loading-not-2014\"  src=\"https:\/\/www.alpina-hotels.de\/demming\/wp-content\/uploads\/sites\/2\/2026\/02\/alpina-ros-demming-20260209-010.jpg\" width=\"1500\" height=\"1000\" title='alpina-ros-demming-20260209-010' alt=''  itemprop=\"thumbnailUrl\" srcset=\"https:\/\/www.alpina-hotels.de\/demming\/wp-content\/uploads\/sites\/2\/2026\/02\/alpina-ros-demming-20260209-010.jpg 1500w, https:\/\/www.alpina-hotels.de\/demming\/wp-content\/uploads\/sites\/2\/2026\/02\/alpina-ros-demming-20260209-010-705x470.jpg 705w, https:\/\/www.alpina-hotels.de\/demming\/wp-content\/uploads\/sites\/2\/2026\/02\/alpina-ros-demming-20260209-010-1280x853.jpg 1280w, https:\/\/www.alpina-hotels.de\/demming\/wp-content\/uploads\/sites\/2\/2026\/02\/alpina-ros-demming-20260209-010-450x300.jpg 450w, https:\/\/www.alpina-hotels.de\/demming\/wp-content\/uploads\/sites\/2\/2026\/02\/alpina-ros-demming-20260209-010-768x512.jpg 768w\" sizes=\"(max-width: 1500px) 100vw, 1500px\" \/><\/div><\/li><\/ul><div class='avia-slideshow-arrows avia-slideshow-controls' ><a href='#prev' class='prev-slide  avia-svg-icon avia-font-svg_entypo-fontello' data-av_svg_icon='left-open-big' data-av_iconset='svg_entypo-fontello' tabindex='-1' title=\"Zur\u00fcck\"><svg version=\"1.1\" xmlns=\"http:\/\/www.w3.org\/2000\/svg\" width=\"15\" height=\"32\" viewBox=\"0 0 15 32\" preserveAspectRatio=\"xMidYMid meet\" aria-labelledby='av-svg-title-1' aria-describedby='av-svg-desc-1' role=\"graphics-symbol\" aria-hidden=\"true\">\n<title id='av-svg-title-1'>Zur\u00fcck<\/title>\n<desc id='av-svg-desc-1'>Zur\u00fcck<\/desc>\n<path d=\"M14.464 27.84q0.832 0.832 0 1.536-0.832 0.832-1.536 0l-12.544-12.608q-0.768-0.768 0-1.6l12.544-12.608q0.704-0.832 1.536 0 0.832 0.704 0 1.536l-11.456 11.904z\"><\/path>\n<\/svg><span class='avia_hidden_link_text'>Zur\u00fcck<\/span><\/a><a href='#next' class='next-slide  avia-svg-icon avia-font-svg_entypo-fontello' data-av_svg_icon='right-open-big' data-av_iconset='svg_entypo-fontello' tabindex='-1' title=\"Weiter\"><svg version=\"1.1\" xmlns=\"http:\/\/www.w3.org\/2000\/svg\" width=\"15\" height=\"32\" viewBox=\"0 0 15 32\" preserveAspectRatio=\"xMidYMid meet\" aria-labelledby='av-svg-title-2' aria-describedby='av-svg-desc-2' role=\"graphics-symbol\" aria-hidden=\"true\">\n<title id='av-svg-title-2'>Weiter<\/title>\n<desc id='av-svg-desc-2'>Weiter<\/desc>\n<path d=\"M0.416 27.84l11.456-11.84-11.456-11.904q-0.832-0.832 0-1.536 0.832-0.832 1.536 0l12.544 12.608q0.768 0.832 0 1.6l-12.544 12.608q-0.704 0.832-1.536 0-0.832-0.704 0-1.536z\"><\/path>\n<\/svg><span class='avia_hidden_link_text'>Weiter<\/span><\/a><\/div><div class='avia-slideshow-dots avia-slideshow-controls'><a href='#1' class='goto-slide active' >1<\/a><a href='#2' class='goto-slide ' >2<\/a><a href='#3' class='goto-slide ' >3<\/a><a href='#4' class='goto-slide ' >4<\/a><\/div><\/div><\/div><div id='after_full_slider_1'  class='main_color av_default_container_wrap container_wrap sidebar_right'  ><div class='container av-section-cont-open' ><div class='template-page content  av-content-small alpha units'><div class='post-entry post-entry-type-page post-entry-434'><div class='entry-content-wrapper clearfix'>\n\n<style type=\"text\/css\" data-created_by=\"avia_inline_auto\" id=\"style-css-av-2wmbiy-27e35ca46958ec539697e0546fc1142a\">\n.flex_column.av-2wmbiy-27e35ca46958ec539697e0546fc1142a{\nborder-radius:0px 0px 0px 0px;\npadding:0px 0px 0px 0px;\n}\n<\/style>\n<div  class='flex_column av-2wmbiy-27e35ca46958ec539697e0546fc1142a av_one_full  avia-builder-el-1  el_after_av_slideshow_full  el_before_av_hr  avia-builder-el-first  first flex_column_div av-zero-column-padding  '     ><style type=\"text\/css\" data-created_by=\"avia_inline_auto\" id=\"style-css-av-2qjyey-ad454c00eb1ef7e1e85423f40e0fd8d8\">\n#top .av-special-heading.av-2qjyey-ad454c00eb1ef7e1e85423f40e0fd8d8{\npadding-bottom:10px;\n}\nbody .av-special-heading.av-2qjyey-ad454c00eb1ef7e1e85423f40e0fd8d8 .av-special-heading-tag .heading-char{\nfont-size:25px;\n}\n.av-special-heading.av-2qjyey-ad454c00eb1ef7e1e85423f40e0fd8d8 .av-subheading{\nfont-size:15px;\n}\n<\/style>\n<div  class='av-special-heading av-2qjyey-ad454c00eb1ef7e1e85423f40e0fd8d8 av-special-heading-h1 blockquote modern-quote modern-centered  avia-builder-el-2  avia-builder-el-no-sibling '><h1 class='av-special-heading-tag '  itemprop=\"headline\"  >Bayrische Gem\u00fctlichkeit<\/h1><div class=\"special-heading-border\"><div class=\"special-heading-inner-border\"><\/div><\/div><\/div><\/div>\n\n<style type=\"text\/css\" data-created_by=\"avia_inline_auto\" id=\"style-css-av-2jqgga-1fd42584205934f5cc9300c5dd352f62\">\n#top .hr.hr-invisible.av-2jqgga-1fd42584205934f5cc9300c5dd352f62{\nheight:1px;\n}\n<\/style>\n<div  class='hr av-2jqgga-1fd42584205934f5cc9300c5dd352f62 hr-invisible  avia-builder-el-3  el_after_av_one_full  el_before_av_one_third '><span class='hr-inner '><span class=\"hr-inner-style\"><\/span><\/span><\/div>\n\n<style type=\"text\/css\" data-created_by=\"avia_inline_auto\" id=\"style-css-av-1q9ggq-2ba85509d95f0345e215aff0236b219f\">\n.flex_column.av-1q9ggq-2ba85509d95f0345e215aff0236b219f{\nborder-radius:0px 0px 0px 0px;\npadding:0px 0px 0px 0px;\n}\n<\/style>\n<div  class='flex_column av-1q9ggq-2ba85509d95f0345e215aff0236b219f av_one_third  avia-builder-el-4  el_after_av_hr  el_before_av_two_third  first flex_column_div av-zero-column-padding  '     ><style type=\"text\/css\" data-created_by=\"avia_inline_auto\" id=\"style-css-av-1xcce2-0133f39ce0c168cf7da69201cb25e2ce\">\n.avia-image-container.av-1xcce2-0133f39ce0c168cf7da69201cb25e2ce img.avia_image{\nbox-shadow:none;\n}\n.avia-image-container.av-1xcce2-0133f39ce0c168cf7da69201cb25e2ce .av-image-caption-overlay-center{\ncolor:#ffffff;\n}\n<\/style>\n<div  class='avia-image-container av-1xcce2-0133f39ce0c168cf7da69201cb25e2ce av-styling- av-img-linked avia-align-center  avia-builder-el-5  avia-builder-el-no-sibling '   itemprop=\"image\" itemscope=\"itemscope\" itemtype=\"https:\/\/schema.org\/ImageObject\" ><div class=\"avia-image-container-inner\"><div class=\"avia-image-overlay-wrap\"><a href=\"https:\/\/www.alpina-hotels.de\/demming\/wp-content\/uploads\/sites\/2\/2016\/12\/alpina-hotels-demming-41-1280x853.jpg\" data-srcset=\"https:\/\/www.alpina-hotels.de\/demming\/wp-content\/uploads\/sites\/2\/2016\/12\/alpina-hotels-demming-41-1280x853.jpg 1280w, https:\/\/www.alpina-hotels.de\/demming\/wp-content\/uploads\/sites\/2\/2016\/12\/alpina-hotels-demming-41-450x300.jpg 450w, https:\/\/www.alpina-hotels.de\/demming\/wp-content\/uploads\/sites\/2\/2016\/12\/alpina-hotels-demming-41-705x470.jpg 705w, https:\/\/www.alpina-hotels.de\/demming\/wp-content\/uploads\/sites\/2\/2016\/12\/alpina-hotels-demming-41-768x512.jpg 768w, https:\/\/www.alpina-hotels.de\/demming\/wp-content\/uploads\/sites\/2\/2016\/12\/alpina-hotels-demming-41.jpg 1500w\" data-sizes=\"(max-width: 1280px) 100vw, 1280px\" class='avia_image '  aria-label='alpina-hotels-demming-41'><img decoding=\"async\" fetchpriority=\"high\" class='wp-image-1084 avia-img-lazy-loading-not-1084 avia_image ' src=\"https:\/\/www.alpina-hotels.de\/demming\/wp-content\/uploads\/sites\/2\/2016\/12\/alpina-hotels-demming-41.jpg\" alt='' title='alpina-hotels-demming-41'  height=\"1000\" width=\"1500\"  itemprop=\"thumbnailUrl\" srcset=\"https:\/\/www.alpina-hotels.de\/demming\/wp-content\/uploads\/sites\/2\/2016\/12\/alpina-hotels-demming-41.jpg 1500w, https:\/\/www.alpina-hotels.de\/demming\/wp-content\/uploads\/sites\/2\/2016\/12\/alpina-hotels-demming-41-450x300.jpg 450w, https:\/\/www.alpina-hotels.de\/demming\/wp-content\/uploads\/sites\/2\/2016\/12\/alpina-hotels-demming-41-705x470.jpg 705w, https:\/\/www.alpina-hotels.de\/demming\/wp-content\/uploads\/sites\/2\/2016\/12\/alpina-hotels-demming-41-768x512.jpg 768w, https:\/\/www.alpina-hotels.de\/demming\/wp-content\/uploads\/sites\/2\/2016\/12\/alpina-hotels-demming-41-1280x853.jpg 1280w\" sizes=\"(max-width: 1500px) 100vw, 1500px\" \/><\/a><\/div><\/div><\/div><\/div>\n\n<style type=\"text\/css\" data-created_by=\"avia_inline_auto\" id=\"style-css-av-251lve-853f81d4988d6673365f6e6a2f0062c3\">\n.flex_column.av-251lve-853f81d4988d6673365f6e6a2f0062c3{\nborder-radius:0px 0px 0px 0px;\npadding:0px 0px 0px 0px;\n}\n<\/style>\n<div  class='flex_column av-251lve-853f81d4988d6673365f6e6a2f0062c3 av_two_third  avia-builder-el-6  el_after_av_one_third  el_before_av_two_third  flex_column_div av-zero-column-padding  '     ><section  class='av_textblock_section av-26cb76-ecce1d8053682169358e1a24eea6f45c '   itemscope=\"itemscope\" itemtype=\"https:\/\/schema.org\/CreativeWork\" ><div class='avia_textblock'  itemprop=\"text\" ><p>Bedienen Sie sich gerne von 7:30 &#8211; 10:00 Uhr an unserem reichhaltigen Fr\u00fchst\u00fccksbuffet und genie\u00dfen Sie, bei einem traumhaften Blick auf den Watzmann, Ihren Start in den Tag. Wir bieten Ihnen verschiedene Sorten Wurst, K\u00e4se und Milchprodukte aus dem Berchtesgadener Land an. Warme Speisen, wie beispielsweise R\u00fchrei und Wei\u00dfwurst, d\u00fcrfen nat\u00fcrlich nicht fehlen. Unser vielseitiges Angebot von Kaffee- oder Teespezialit\u00e4ten runden Ihr Fr\u00fchst\u00fcck ab.<\/p>\n<\/div><\/section><\/div>\n\n<style type=\"text\/css\" data-created_by=\"avia_inline_auto\" id=\"style-css-av-13xlf6-25f4e6897feb12a0221c3ad903bc46e8\">\n.flex_column.av-13xlf6-25f4e6897feb12a0221c3ad903bc46e8{\nborder-radius:0px 0px 0px 0px;\npadding:0px 0px 0px 0px;\n}\n<\/style>\n<div  class='flex_column av-13xlf6-25f4e6897feb12a0221c3ad903bc46e8 av_two_third  avia-builder-el-8  el_after_av_two_third  el_before_av_hr  first flex_column_div av-zero-column-padding  column-top-margin'     ><section  class='av_textblock_section av-ynbvu-28e255577e7f3edec7bec049fa2480a9 '   itemscope=\"itemscope\" itemtype=\"https:\/\/schema.org\/CreativeWork\" ><div class='avia_textblock'  itemprop=\"text\" ><p>Tags\u00fcber ist auch unsere Sonnenterrasse, zu der man direkt \u00fcber das Restaurant kommt, ein beliebter Aufenthaltsort unserer G\u00e4ste. Bis 21:00 k\u00f6nnen Sie den Abend dort oder in unserer neu renovierten Lobby bei einem Glas Berchtesgadener Bier oder Aperol Spritz gem\u00fctlich ausklingen lassen.<\/p>\n<\/div><\/section><\/div>\n\n<style type=\"text\/css\" data-created_by=\"avia_inline_auto\" id=\"style-css-av-8tl7e-aaf2c13f0de309b2bcc278231ffa6c2c\">\n#top .hr.hr-invisible.av-8tl7e-aaf2c13f0de309b2bcc278231ffa6c2c{\nheight:15px;\n}\n<\/style>\n<div  class='hr av-8tl7e-aaf2c13f0de309b2bcc278231ffa6c2c hr-invisible  avia-builder-el-10  el_after_av_two_third  avia-builder-el-last '><span class='hr-inner '><span class=\"hr-inner-style\"><\/span><\/span><\/div>\n","protected":false},"excerpt":{"rendered":"","protected":false},"author":1,"featured_media":0,"parent":0,"menu_order":12,"comment_status":"closed","ping_status":"closed","template":"","meta":{"footnotes":""},"class_list":["post-434","page","type-page","status-publish","hentry"],"yoast_head":"<!-- This site is optimized with the Yoast SEO plugin v25.5 - https:\/\/yoast.com\/wordpress\/plugins\/seo\/ -->\n<title>Restaurant - Alpina Hotel Demming in Berchtesgaden im Berchtesgadener Land<\/title>\n<meta name=\"robots\" content=\"index, follow, max-snippet:-1, max-image-preview:large, max-video-preview:-1\" \/>\n<link rel=\"canonical\" href=\"https:\/\/www.alpina-hotels.de\/demming\/restaurant\/\" \/>\n<meta property=\"og:locale\" content=\"de_DE\" \/>\n<meta property=\"og:type\" content=\"article\" \/>\n<meta property=\"og:title\" content=\"Restaurant - Alpina Hotel Demming in Berchtesgaden im Berchtesgadener Land\" \/>\n<meta property=\"og:url\" content=\"https:\/\/www.alpina-hotels.de\/demming\/restaurant\/\" \/>\n<meta property=\"og:site_name\" content=\"Alpina Hotel Demming in Berchtesgaden im Berchtesgadener Land\" \/>\n<meta property=\"article:modified_time\" content=\"2026-04-09T15:45:41+00:00\" \/>\n<meta name=\"twitter:card\" content=\"summary_large_image\" \/>\n<meta name=\"twitter:label1\" content=\"Gesch\u00e4tzte Lesezeit\" \/>\n\t<meta name=\"twitter:data1\" content=\"2\u00a0Minuten\" \/>\n<script type=\"application\/ld+json\" class=\"yoast-schema-graph\">{\"@context\":\"https:\/\/schema.org\",\"@graph\":[{\"@type\":\"WebPage\",\"@id\":\"https:\/\/www.alpina-hotels.de\/demming\/restaurant\/\",\"url\":\"https:\/\/www.alpina-hotels.de\/demming\/restaurant\/\",\"name\":\"Restaurant - Alpina Hotel Demming in Berchtesgaden im Berchtesgadener Land\",\"isPartOf\":{\"@id\":\"https:\/\/www.alpina-hotels.de\/demming\/#website\"},\"datePublished\":\"2016-12-09T13:30:59+00:00\",\"dateModified\":\"2026-04-09T15:45:41+00:00\",\"breadcrumb\":{\"@id\":\"https:\/\/www.alpina-hotels.de\/demming\/restaurant\/#breadcrumb\"},\"inLanguage\":\"de\",\"potentialAction\":[{\"@type\":\"ReadAction\",\"target\":[\"https:\/\/www.alpina-hotels.de\/demming\/restaurant\/\"]}]},{\"@type\":\"BreadcrumbList\",\"@id\":\"https:\/\/www.alpina-hotels.de\/demming\/restaurant\/#breadcrumb\",\"itemListElement\":[{\"@type\":\"ListItem\",\"position\":1,\"name\":\"Startseite\",\"item\":\"https:\/\/www.alpina-hotels.de\/demming\/\"},{\"@type\":\"ListItem\",\"position\":2,\"name\":\"Restaurant\"}]},{\"@type\":\"WebSite\",\"@id\":\"https:\/\/www.alpina-hotels.de\/demming\/#website\",\"url\":\"https:\/\/www.alpina-hotels.de\/demming\/\",\"name\":\"Alpina Hotel Demming in Berchtesgaden im Berchtesgadener Land\",\"description\":\"Alpina Hotels in Berchtesgaden\",\"potentialAction\":[{\"@type\":\"SearchAction\",\"target\":{\"@type\":\"EntryPoint\",\"urlTemplate\":\"https:\/\/www.alpina-hotels.de\/demming\/?s={search_term_string}\"},\"query-input\":{\"@type\":\"PropertyValueSpecification\",\"valueRequired\":true,\"valueName\":\"search_term_string\"}}],\"inLanguage\":\"de\"}]}<\/script>\n<!-- \/ Yoast SEO plugin. -->","yoast_head_json":{"title":"Restaurant - Alpina Hotel Demming in Berchtesgaden im Berchtesgadener Land","robots":{"index":"index","follow":"follow","max-snippet":"max-snippet:-1","max-image-preview":"max-image-preview:large","max-video-preview":"max-video-preview:-1"},"canonical":"https:\/\/www.alpina-hotels.de\/demming\/restaurant\/","og_locale":"de_DE","og_type":"article","og_title":"Restaurant - Alpina Hotel Demming in Berchtesgaden im Berchtesgadener Land","og_url":"https:\/\/www.alpina-hotels.de\/demming\/restaurant\/","og_site_name":"Alpina Hotel Demming in Berchtesgaden im Berchtesgadener Land","article_modified_time":"2026-04-09T15:45:41+00:00","twitter_card":"summary_large_image","twitter_misc":{"Gesch\u00e4tzte Lesezeit":"2\u00a0Minuten"},"schema":{"@context":"https:\/\/schema.org","@graph":[{"@type":"WebPage","@id":"https:\/\/www.alpina-hotels.de\/demming\/restaurant\/","url":"https:\/\/www.alpina-hotels.de\/demming\/restaurant\/","name":"Restaurant - Alpina Hotel Demming in Berchtesgaden im Berchtesgadener Land","isPartOf":{"@id":"https:\/\/www.alpina-hotels.de\/demming\/#website"},"datePublished":"2016-12-09T13:30:59+00:00","dateModified":"2026-04-09T15:45:41+00:00","breadcrumb":{"@id":"https:\/\/www.alpina-hotels.de\/demming\/restaurant\/#breadcrumb"},"inLanguage":"de","potentialAction":[{"@type":"ReadAction","target":["https:\/\/www.alpina-hotels.de\/demming\/restaurant\/"]}]},{"@type":"BreadcrumbList","@id":"https:\/\/www.alpina-hotels.de\/demming\/restaurant\/#breadcrumb","itemListElement":[{"@type":"ListItem","position":1,"name":"Startseite","item":"https:\/\/www.alpina-hotels.de\/demming\/"},{"@type":"ListItem","position":2,"name":"Restaurant"}]},{"@type":"WebSite","@id":"https:\/\/www.alpina-hotels.de\/demming\/#website","url":"https:\/\/www.alpina-hotels.de\/demming\/","name":"Alpina Hotel Demming in Berchtesgaden im Berchtesgadener Land","description":"Alpina Hotels in Berchtesgaden","potentialAction":[{"@type":"SearchAction","target":{"@type":"EntryPoint","urlTemplate":"https:\/\/www.alpina-hotels.de\/demming\/?s={search_term_string}"},"query-input":{"@type":"PropertyValueSpecification","valueRequired":true,"valueName":"search_term_string"}}],"inLanguage":"de"}]}},"_links":{"self":[{"href":"https:\/\/www.alpina-hotels.de\/demming\/wp-json\/wp\/v2\/pages\/434","targetHints":{"allow":["GET"]}}],"collection":[{"href":"https:\/\/www.alpina-hotels.de\/demming\/wp-json\/wp\/v2\/pages"}],"about":[{"href":"https:\/\/www.alpina-hotels.de\/demming\/wp-json\/wp\/v2\/types\/page"}],"author":[{"embeddable":true,"href":"https:\/\/www.alpina-hotels.de\/demming\/wp-json\/wp\/v2\/users\/1"}],"replies":[{"embeddable":true,"href":"https:\/\/www.alpina-hotels.de\/demming\/wp-json\/wp\/v2\/comments?post=434"}],"version-history":[{"count":54,"href":"https:\/\/www.alpina-hotels.de\/demming\/wp-json\/wp\/v2\/pages\/434\/revisions"}],"predecessor-version":[{"id":2217,"href":"https:\/\/www.alpina-hotels.de\/demming\/wp-json\/wp\/v2\/pages\/434\/revisions\/2217"}],"wp:attachment":[{"href":"https:\/\/www.alpina-hotels.de\/demming\/wp-json\/wp\/v2\/media?parent=434"}],"curies":[{"name":"wp","href":"https:\/\/api.w.org\/{rel}","templated":true}]}}